{"id":4508,"date":"2014-01-22T12:04:19","date_gmt":"2014-01-22T12:04:19","guid":{"rendered":"http:\/\/verdia.beopenthemes.com\/?page_id=8"},"modified":"2024-05-08T18:47:14","modified_gmt":"2024-05-08T18:47:14","slug":"homepage","status":"publish","type":"page","link":"https:\/\/www.acertar.org.br\/acertar\/","title":{"rendered":"Home"},"content":{"rendered":"<div class=\"vc_row wpb_row vc_row-fluid  \" ><div class=\"container\"><div class=\"row\">\n\t<div class=\"vc_col-sm-12 wpb_column vc_column_container\">\n\t\t<div class=\"wpb_wrapper\">\n\t\t\t\n\t\t\t<!-- START Slider 1 REVOLUTION SLIDER 6.7.10 --><p class=\"rs-p-wp-fix\"><\/p>\n\t\t\t<rs-module-wrap id=\"rev_slider_1_1_wrapper\" data-source=\"gallery\" style=\"visibility:hidden;background:transparent;padding:0;margin:0px auto;margin-top:0;margin-bottom:0;\">\n\t\t\t\t<rs-module id=\"rev_slider_1_1\" style=\"\" data-version=\"6.7.10\">\n\t\t\t\t\t<rs-slides style=\"overflow: hidden; position: absolute;\">\n\t\t\t\t\t\t<rs-slide style=\"position: absolute;\" data-key=\"rs-1\" data-title=\"Slide\" data-anim=\"ms:10;\" data-in=\"o:1;\" data-out=\"a:false;\">\n\t\t\t\t\t\t\t<img decoding=\"async\" src=\"\/\/www.acertar.org.br\/wp-content\/plugins\/revslider\/sr6\/assets\/assets\/dummy.png\" alt=\"Slide\" title=\"gramado\" width=\"1245\" height=\"357\" class=\"rev-slidebg tp-rs-img rs-lazyload\" data-lazyload=\"\/\/www.acertar.org.br\/wp-content\/plugins\/revslider\/sr6\/assets\/assets\/transparent.png\" data-bg=\"c:#ffffff;\" data-no-retina>\n<!--\n\t\t\t\t\t\t\t--><rs-layer\n\t\t\t\t\t\t\t\tid=\"slider-1-slide-1-layer-0\" \n\t\t\t\t\t\t\t\tdata-type=\"image\"\n\t\t\t\t\t\t\t\tdata-rsp_ch=\"on\"\n\t\t\t\t\t\t\t\tdata-xy=\"x:8px;y:183px;\"\n\t\t\t\t\t\t\t\tdata-text=\"w:normal;\"\n\t\t\t\t\t\t\t\tdata-dim=\"w:289px;h:183px;\"\n\t\t\t\t\t\t\t\tdata-frame_0=\"y:bottom;\"\n\t\t\t\t\t\t\t\tdata-frame_1=\"sp:1000;\"\n\t\t\t\t\t\t\t\tdata-frame_999=\"o:0;st:w;sR:8000;\"\n\t\t\t\t\t\t\t\tstyle=\"z-index:10;\"\n\t\t\t\t\t\t\t><img decoding=\"async\" src=\"\/\/www.acertar.org.br\/wp-content\/plugins\/revslider\/sr6\/assets\/assets\/dummy.png\" alt=\"\" class=\"tp-rs-img rs-lazyload\" width=\"303\" height=\"192\" data-lazyload=\"\/\/www.acertar.org.br\/wp-content\/uploads\/2015\/01\/casinha.png\" data-no-retina> \n\t\t\t\t\t\t\t<\/rs-layer><!--\n\n\t\t\t\t\t\t\t--><rs-layer\n\t\t\t\t\t\t\t\tid=\"slider-1-slide-1-layer-1\" \n\t\t\t\t\t\t\t\tdata-type=\"image\"\n\t\t\t\t\t\t\t\tdata-rsp_ch=\"on\"\n\t\t\t\t\t\t\t\tdata-xy=\"x:12px;y:-25px;\"\n\t\t\t\t\t\t\t\tdata-text=\"w:normal;\"\n\t\t\t\t\t\t\t\tdata-dim=\"w:190px;h:291px;\"\n\t\t\t\t\t\t\t\tdata-frame_0=\"x:-50;\"\n\t\t\t\t\t\t\t\tdata-frame_1=\"sp:1000;\"\n\t\t\t\t\t\t\t\tdata-frame_999=\"o:0;st:w;sR:8000;\"\n\t\t\t\t\t\t\t\tstyle=\"z-index:9;\"\n\t\t\t\t\t\t\t><img decoding=\"async\" src=\"\/\/www.acertar.org.br\/wp-content\/plugins\/revslider\/sr6\/assets\/assets\/dummy.png\" alt=\"\" class=\"tp-rs-img rs-lazyload\" width=\"190\" height=\"291\" data-lazyload=\"\/\/www.acertar.org.br\/wp-content\/uploads\/2015\/01\/eolica190px.gif\" data-no-retina> \n\t\t\t\t\t\t\t<\/rs-layer><!--\n\n\t\t\t\t\t\t\t--><rs-layer\n\t\t\t\t\t\t\t\tid=\"slider-1-slide-1-layer-2\" \n\t\t\t\t\t\t\t\tdata-type=\"image\"\n\t\t\t\t\t\t\t\tdata-rsp_ch=\"on\"\n\t\t\t\t\t\t\t\tdata-xy=\"y:-98px;\"\n\t\t\t\t\t\t\t\tdata-text=\"w:normal;\"\n\t\t\t\t\t\t\t\tdata-dim=\"w:1024px;h:650px;\"\n\t\t\t\t\t\t\t\tdata-frame_999=\"o:0;st:w;sR:8700;\"\n\t\t\t\t\t\t\t\tstyle=\"z-index:6;\"\n\t\t\t\t\t\t\t><img decoding=\"async\" src=\"\/\/www.acertar.org.br\/wp-content\/plugins\/revslider\/sr6\/assets\/assets\/dummy.png\" alt=\"\" class=\"tp-rs-img rs-lazyload\" width=\"1245\" height=\"790\" data-lazyload=\"\/\/www.acertar.org.br\/wp-content\/uploads\/2015\/01\/fundo.png\" data-no-retina> \n\t\t\t\t\t\t\t<\/rs-layer><!--\n\n\t\t\t\t\t\t\t--><rs-layer\n\t\t\t\t\t\t\t\tid=\"slider-1-slide-1-layer-3\" \n\t\t\t\t\t\t\t\tdata-type=\"image\"\n\t\t\t\t\t\t\t\tdata-rsp_ch=\"on\"\n\t\t\t\t\t\t\t\tdata-xy=\"y:259px;\"\n\t\t\t\t\t\t\t\tdata-text=\"w:normal;\"\n\t\t\t\t\t\t\t\tdata-dim=\"w:1026px;h:294px;\"\n\t\t\t\t\t\t\t\tdata-frame_1=\"x:-2px;\"\n\t\t\t\t\t\t\t\tdata-frame_999=\"o:0;st:w;sR:8700;\"\n\t\t\t\t\t\t\t\tstyle=\"z-index:8;\"\n\t\t\t\t\t\t\t><img decoding=\"async\" src=\"\/\/www.acertar.org.br\/wp-content\/plugins\/revslider\/sr6\/assets\/assets\/dummy.png\" alt=\"\" class=\"tp-rs-img rs-lazyload\" width=\"1245\" height=\"357\" data-lazyload=\"\/\/www.acertar.org.br\/wp-content\/uploads\/2015\/01\/gramado.png\" data-no-retina> \n\t\t\t\t\t\t\t<\/rs-layer><!--\n\n\t\t\t\t\t\t\t--><rs-layer\n\t\t\t\t\t\t\t\tid=\"slider-1-slide-1-layer-4\" \n\t\t\t\t\t\t\t\tdata-type=\"image\"\n\t\t\t\t\t\t\t\tdata-rsp_ch=\"on\"\n\t\t\t\t\t\t\t\tdata-xy=\"x:671px;y:93px;\"\n\t\t\t\t\t\t\t\tdata-text=\"w:normal;\"\n\t\t\t\t\t\t\t\tdata-dim=\"w:175px;h:191px;\"\n\t\t\t\t\t\t\t\tdata-frame_0=\"x:right;\"\n\t\t\t\t\t\t\t\tdata-frame_1=\"sp:1250;\"\n\t\t\t\t\t\t\t\tdata-frame_999=\"o:0;st:w;sR:7750;\"\n\t\t\t\t\t\t\t\tstyle=\"z-index:11;\"\n\t\t\t\t\t\t\t><img decoding=\"async\" src=\"\/\/www.acertar.org.br\/wp-content\/plugins\/revslider\/sr6\/assets\/assets\/dummy.png\" alt=\"\" class=\"tp-rs-img rs-lazyload\" width=\"250\" height=\"273\" data-lazyload=\"\/\/www.acertar.org.br\/wp-content\/uploads\/2016\/04\/SeloQualidade250px.png\" data-no-retina> \n\t\t\t\t\t\t\t<\/rs-layer><!--\n\n\t\t\t\t\t\t\t--><rs-layer\n\t\t\t\t\t\t\t\tid=\"slider-1-slide-1-layer-5\" \n\t\t\t\t\t\t\t\tdata-type=\"image\"\n\t\t\t\t\t\t\t\tdata-rsp_ch=\"on\"\n\t\t\t\t\t\t\t\tdata-xy=\"y:-57px;\"\n\t\t\t\t\t\t\t\tdata-text=\"w:normal;\"\n\t\t\t\t\t\t\t\tdata-dim=\"w:1026px;h:651px;\"\n\t\t\t\t\t\t\t\tdata-frame_999=\"o:0;st:w;sR:8700;\"\n\t\t\t\t\t\t\t\tstyle=\"z-index:7;\"\n\t\t\t\t\t\t\t><img decoding=\"async\" src=\"\/\/www.acertar.org.br\/wp-content\/plugins\/revslider\/sr6\/assets\/assets\/dummy.png\" alt=\"\" class=\"tp-rs-img rs-lazyload\" width=\"1245\" height=\"790\" data-lazyload=\"\/\/www.acertar.org.br\/wp-content\/uploads\/2015\/01\/Arvores_nuvens_sol.png\" data-no-retina> \n\t\t\t\t\t\t\t<\/rs-layer><!--\n\n\t\t\t\t\t\t\t--><rs-layer\n\t\t\t\t\t\t\t\tid=\"slider-1-slide-1-layer-6\" \n\t\t\t\t\t\t\t\tdata-type=\"image\"\n\t\t\t\t\t\t\t\tdata-rsp_ch=\"on\"\n\t\t\t\t\t\t\t\tdata-xy=\"x:632px;y:280px;\"\n\t\t\t\t\t\t\t\tdata-text=\"w:normal;\"\n\t\t\t\t\t\t\t\tdata-dim=\"w:255px;h:128px;\"\n\t\t\t\t\t\t\t\tdata-frame_0=\"y:100%;\"\n\t\t\t\t\t\t\t\tdata-frame_1=\"e:power4.inOut;st:980;sp:2010;sR:980;\"\n\t\t\t\t\t\t\t\tdata-frame_999=\"o:0;st:w;sR:6010;\"\n\t\t\t\t\t\t\t\tstyle=\"z-index:12;\"\n\t\t\t\t\t\t\t><img decoding=\"async\" src=\"\/\/www.acertar.org.br\/wp-content\/plugins\/revslider\/sr6\/assets\/assets\/dummy.png\" alt=\"\" class=\"tp-rs-img rs-lazyload\" width=\"976\" height=\"488\" data-lazyload=\"\/\/www.acertar.org.br\/wp-content\/uploads\/2015\/02\/Conjunto2x2.png\" data-no-retina> \n\t\t\t\t\t\t\t<\/rs-layer><!--\n-->\t\t\t\t\t<\/rs-slide>\n\t\t\t\t\t\t<rs-slide style=\"position: absolute;\" data-key=\"rs-4\" data-title=\"Slide\" data-anim=\"ms:10;\" data-in=\"o:1;\" data-out=\"a:false;\">\n\t\t\t\t\t\t\t<img decoding=\"async\" src=\"\/\/www.acertar.org.br\/wp-content\/plugins\/revslider\/sr6\/assets\/assets\/dummy.png\" alt=\"Slide\" title=\"LaboratorioA\" width=\"1024\" height=\"421\" class=\"rev-slidebg tp-rs-img rs-lazyload\" data-lazyload=\"\/\/www.acertar.org.br\/wp-content\/plugins\/revslider\/sr6\/assets\/assets\/transparent.png\" data-bg=\"c:#ffffff;f:auto;\" data-no-retina>\n<!--\n\t\t\t\t\t\t\t--><rs-layer\n\t\t\t\t\t\t\t\tid=\"slider-1-slide-4-layer-7\" \n\t\t\t\t\t\t\t\tdata-type=\"image\"\n\t\t\t\t\t\t\t\tdata-rsp_ch=\"on\"\n\t\t\t\t\t\t\t\tdata-xy=\"x:133px;y:315px;\"\n\t\t\t\t\t\t\t\tdata-text=\"w:normal;\"\n\t\t\t\t\t\t\t\tdata-dim=\"w:133px;h:133px;\"\n\t\t\t\t\t\t\t\tdata-frame_0=\"x:left;\"\n\t\t\t\t\t\t\t\tdata-frame_1=\"sp:1000;\"\n\t\t\t\t\t\t\t\tdata-frame_999=\"o:0;st:w;\"\n\t\t\t\t\t\t\t\tstyle=\"z-index:9;\"\n\t\t\t\t\t\t\t><img decoding=\"async\" src=\"\/\/www.acertar.org.br\/wp-content\/plugins\/revslider\/sr6\/assets\/assets\/dummy.png\" alt=\"\" class=\"tp-rs-img rs-lazyload\" width=\"220\" height=\"220\" data-lazyload=\"\/\/www.acertar.org.br\/wp-content\/uploads\/2015\/01\/LogoAcertar_220x220.png\" data-no-retina> \n\t\t\t\t\t\t\t<\/rs-layer><!--\n\n\t\t\t\t\t\t\t--><rs-layer\n\t\t\t\t\t\t\t\tid=\"slider-1-slide-4-layer-17\" \n\t\t\t\t\t\t\t\tdata-type=\"image\"\n\t\t\t\t\t\t\t\tdata-rsp_ch=\"on\"\n\t\t\t\t\t\t\t\tdata-xy=\"x:-1px;y:91px;\"\n\t\t\t\t\t\t\t\tdata-text=\"w:normal;\"\n\t\t\t\t\t\t\t\tdata-dim=\"w:1024px;h:421px;\"\n\t\t\t\t\t\t\t\tdata-frame_1=\"e:power4.inOut;sp:1500;\"\n\t\t\t\t\t\t\t\tdata-frame_999=\"o:0;st:w;sR:7500;\"\n\t\t\t\t\t\t\t\tstyle=\"z-index:6;\"\n\t\t\t\t\t\t\t><img decoding=\"async\" src=\"\/\/www.acertar.org.br\/wp-content\/plugins\/revslider\/sr6\/assets\/assets\/dummy.png\" alt=\"\" class=\"tp-rs-img rs-lazyload\" width=\"1024\" height=\"421\" data-lazyload=\"\/\/www.acertar.org.br\/wp-content\/uploads\/2015\/02\/LaboratorioA.jpg\" data-no-retina> \n\t\t\t\t\t\t\t<\/rs-layer><!--\n\n\t\t\t\t\t\t\t--><rs-layer\n\t\t\t\t\t\t\t\tid=\"slider-1-slide-4-layer-19\" \n\t\t\t\t\t\t\t\tdata-type=\"text\"\n\t\t\t\t\t\t\t\tdata-color=\"#fff\"\n\t\t\t\t\t\t\t\tdata-bsh=\"v:10px;b:10px;\"\n\t\t\t\t\t\t\t\tdata-tsh=\"c:rgba(0,0,0,0.45);h:15px;v:15px;b:20px;\"\n\t\t\t\t\t\t\t\tdata-rsp_ch=\"on\"\n\t\t\t\t\t\t\t\tdata-xy=\"x:333px;y:451px;\"\n\t\t\t\t\t\t\t\tdata-text=\"w:normal;s:36;l:40;ls:1;fw:500;\"\n\t\t\t\t\t\t\t\tdata-dim=\"minh:0px;\"\n\t\t\t\t\t\t\t\tdata-frame_0=\"x:-50;\"\n\t\t\t\t\t\t\t\tdata-frame_1=\"x:-15px;st:1600;sp:1000;\"\n\t\t\t\t\t\t\t\tdata-frame_999=\"o:0;st:w;sR:7100;\"\n\t\t\t\t\t\t\t\tstyle=\"z-index:8;background-color:#4cd964;font-family:'Roboto';\"\n\t\t\t\t\t\t\t>Laborat\u00f3rio: qualidade e conformidade \n\t\t\t\t\t\t\t<\/rs-layer><!--\n-->\t\t\t\t\t<\/rs-slide>\n\t\t\t\t\t\t<rs-slide style=\"position: absolute;\" data-key=\"rs-5\" data-title=\"Slide\" data-in=\"o:0;\" data-out=\"a:false;\">\n\t\t\t\t\t\t\t<img decoding=\"async\" src=\"\/\/www.acertar.org.br\/wp-content\/plugins\/revslider\/sr6\/assets\/assets\/dummy.png\" alt=\"Slide\" title=\"Home\" class=\"rev-slidebg tp-rs-img rs-lazyload\" data-lazyload=\"\/\/www.acertar.org.br\/wp-content\/plugins\/revslider\/sr6\/assets\/assets\/transparent.png\" data-bg=\"c:#ffffff;\" data-no-retina>\n<!--\n\t\t\t\t\t\t\t--><rs-layer\n\t\t\t\t\t\t\t\tid=\"slider-1-slide-5-layer-13\" \n\t\t\t\t\t\t\t\tdata-type=\"image\"\n\t\t\t\t\t\t\t\tdata-rsp_ch=\"on\"\n\t\t\t\t\t\t\t\tdata-xy=\"x:1px;y:62px;\"\n\t\t\t\t\t\t\t\tdata-text=\"w:normal;\"\n\t\t\t\t\t\t\t\tdata-dim=\"w:1022px;h:215px;\"\n\t\t\t\t\t\t\t\tdata-frame_0=\"y:top;\"\n\t\t\t\t\t\t\t\tdata-frame_1=\"sp:1000;\"\n\t\t\t\t\t\t\t\tdata-frame_999=\"o:0;st:w;sR:8000;\"\n\t\t\t\t\t\t\t\tstyle=\"z-index:5;\"\n\t\t\t\t\t\t\t><img decoding=\"async\" src=\"\/\/www.acertar.org.br\/wp-content\/plugins\/revslider\/sr6\/assets\/assets\/dummy.png\" alt=\"\" class=\"tp-rs-img rs-lazyload\" width=\"1200\" height=\"253\" data-lazyload=\"\/\/www.acertar.org.br\/wp-content\/uploads\/2015\/03\/TEC1.png\" data-no-retina> \n\t\t\t\t\t\t\t<\/rs-layer><!--\n\n\t\t\t\t\t\t\t--><rs-layer\n\t\t\t\t\t\t\t\tid=\"slider-1-slide-5-layer-15\" \n\t\t\t\t\t\t\t\tdata-type=\"image\"\n\t\t\t\t\t\t\t\tdata-rsp_ch=\"on\"\n\t\t\t\t\t\t\t\tdata-xy=\"x:355px;y:315px;\"\n\t\t\t\t\t\t\t\tdata-text=\"w:normal;\"\n\t\t\t\t\t\t\t\tdata-dim=\"w:670px;h:209px;\"\n\t\t\t\t\t\t\t\tdata-frame_0=\"x:right;\"\n\t\t\t\t\t\t\t\tdata-frame_1=\"sp:1000;\"\n\t\t\t\t\t\t\t\tdata-frame_999=\"o:0;st:w;sR:8000;\"\n\t\t\t\t\t\t\t\tstyle=\"z-index:6;\"\n\t\t\t\t\t\t\t><img decoding=\"async\" src=\"\/\/www.acertar.org.br\/wp-content\/plugins\/revslider\/sr6\/assets\/assets\/dummy.png\" alt=\"\" class=\"tp-rs-img rs-lazyload\" width=\"800\" height=\"250\" data-lazyload=\"\/\/www.acertar.org.br\/wp-content\/uploads\/2015\/01\/painel_slide3.jpg\" data-no-retina> \n\t\t\t\t\t\t\t<\/rs-layer><!--\n\n\t\t\t\t\t\t\t--><rs-layer\n\t\t\t\t\t\t\t\tid=\"slider-1-slide-5-layer-16\" \n\t\t\t\t\t\t\t\tdata-type=\"image\"\n\t\t\t\t\t\t\t\tdata-rsp_ch=\"on\"\n\t\t\t\t\t\t\t\tdata-xy=\"x:11px;y:370px;\"\n\t\t\t\t\t\t\t\tdata-text=\"w:normal;\"\n\t\t\t\t\t\t\t\tdata-dim=\"w:336px;h:95px;\"\n\t\t\t\t\t\t\t\tdata-frame_0=\"x:right;\"\n\t\t\t\t\t\t\t\tdata-frame_1=\"sp:1000;\"\n\t\t\t\t\t\t\t\tdata-frame_999=\"o:0;st:w;sR:8000;\"\n\t\t\t\t\t\t\t\tstyle=\"z-index:7;\"\n\t\t\t\t\t\t\t><img decoding=\"async\" src=\"\/\/www.acertar.org.br\/wp-content\/plugins\/revslider\/sr6\/assets\/assets\/dummy.png\" alt=\"\" class=\"tp-rs-img rs-lazyload\" width=\"919\" height=\"259\" data-lazyload=\"\/\/www.acertar.org.br\/wp-content\/uploads\/2015\/01\/horizontal_slide3.png\" data-no-retina> \n\t\t\t\t\t\t\t<\/rs-layer><!--\n\n\t\t\t\t\t\t\t--><rs-layer\n\t\t\t\t\t\t\t\tid=\"slider-1-slide-5-layer-18\" \n\t\t\t\t\t\t\t\tdata-type=\"image\"\n\t\t\t\t\t\t\t\tdata-rsp_ch=\"on\"\n\t\t\t\t\t\t\t\tdata-xy=\"x:615px;y:267px;\"\n\t\t\t\t\t\t\t\tdata-text=\"w:normal;\"\n\t\t\t\t\t\t\t\tdata-dim=\"w:196px;h:214px;\"\n\t\t\t\t\t\t\t\tdata-frame_0=\"x:right;\"\n\t\t\t\t\t\t\t\tdata-frame_1=\"st:2450;sp:690;sR:2450;\"\n\t\t\t\t\t\t\t\tdata-frame_999=\"o:0;st:w;sR:5860;\"\n\t\t\t\t\t\t\t\tstyle=\"z-index:8;\"\n\t\t\t\t\t\t\t><img decoding=\"async\" src=\"\/\/www.acertar.org.br\/wp-content\/plugins\/revslider\/sr6\/assets\/assets\/dummy.png\" alt=\"\" class=\"tp-rs-img rs-lazyload\" width=\"250\" height=\"273\" data-lazyload=\"\/\/www.acertar.org.br\/wp-content\/uploads\/2016\/04\/SeloQualidade250px.png\" data-no-retina> \n\t\t\t\t\t\t\t<\/rs-layer><!--\n\n\t\t\t\t\t\t\t--><rs-layer\n\t\t\t\t\t\t\t\tid=\"slider-1-slide-5-layer-20\" \n\t\t\t\t\t\t\t\tdata-type=\"text\"\n\t\t\t\t\t\t\t\tdata-color=\"#fff\"\n\t\t\t\t\t\t\t\tdata-bsh=\"h:5px;b:10px;\"\n\t\t\t\t\t\t\t\tdata-tsh=\"c:rgba(0,0,0,0.45);h:15px;v:15px;b:20px;\"\n\t\t\t\t\t\t\t\tdata-rsp_ch=\"on\"\n\t\t\t\t\t\t\t\tdata-xy=\"x:3px;y:272px;\"\n\t\t\t\t\t\t\t\tdata-text=\"w:normal;s:40;l:50;\"\n\t\t\t\t\t\t\t\tdata-dim=\"minh:0px;\"\n\t\t\t\t\t\t\t\tdata-frame_0=\"x:left;\"\n\t\t\t\t\t\t\t\tdata-frame_1=\"sp:1000;\"\n\t\t\t\t\t\t\t\tdata-frame_999=\"o:0;st:w;\"\n\t\t\t\t\t\t\t\tstyle=\"z-index:9;background-color:#4cd964;font-family:'Arial';\"\n\t\t\t\t\t\t\t>Tecnologia e  inova\u00e7\u00e3o \n\t\t\t\t\t\t\t<\/rs-layer><!--\n-->\t\t\t\t\t<\/rs-slide>\n\t\t\t\t\t<\/rs-slides>\n\t\t\t\t\t<rs-static-layers><!--\n\t\t\t\t\t--><\/rs-static-layers>\n\t\t\t\t<\/rs-module>\n\t\t\t\t<script>\n\t\t\t\t\tsetREVStartSize({c: 'rev_slider_1_1',rl:[1240,1024,778,480],el:[600],gw:[1024],gh:[600],type:'standard',justify:'',layout:'fullwidth',mh:\"0\"});if (window.RS_MODULES!==undefined && window.RS_MODULES.modules!==undefined && window.RS_MODULES.modules[\"revslider11\"]!==undefined) {window.RS_MODULES.modules[\"revslider11\"].once = false;window.revapi1 = undefined;if (window.RS_MODULES.checkMinimal!==undefined) window.RS_MODULES.checkMinimal()}\n\t\t\t\t<\/script>\n\t\t\t<\/rs-module-wrap>\n\t\t\t<!-- END REVOLUTION SLIDER -->\n<div class=\"vc_empty_space\"  style=\"height: 32px\" ><span class=\"vc_empty_space_inner\"><\/span><\/div>\n\n\n\t\t<\/div> \n\t<\/div> \n<\/div><\/div><\/div><div class=\"vc_row wpb_row vc_row-fluid  \" ><div class=\"container\"><div class=\"row\">\n\t<div class=\"vc_col-sm-12 wpb_column vc_column_container\">\n\t\t<div class=\"wpb_wrapper\">\n\t\t\t<div class=\"vc_separator wpb_content_element vc_separator_align_center vc_el_width_100 vc_sep_color_grey\">\n\t<span class=\"vc_sep_holder vc_sep_holder_l\"><span class=\"vc_sep_line\"><\/span><\/span>\n\t<h4>\u00daltimas Not\u00edcias<\/h4>\t<span class=\"vc_sep_holder vc_sep_holder_r\"><span class=\"vc_sep_line\"><\/span><\/span>\n<\/div>\n\n<div class=\"beopen_posts wpb_content_element vc_carousel_slider_3 vc_carousel_horizontal\">\n\t<div class=\"wpb_wrapper\">\n\t\t\t\t<div id=\"vc_carousel-1-1777461226\" data-ride=\"vc_carousel\"\n\t\t\t data-wrap=\"false\"\n\t\t\t data-interval=\"0\" data-auto-height=\"true\"\n\t\t\t data-mode=\"horizontal\" data-partial=\"false\"\n\t\t\t data-per-view=\"3\"\n\t\t\t data-hide-on-end=\"true\" class=\"vc_carousel vc_slide\">\n\t\t\t\t\t\t<!-- Indicators -->\n\t\t\t<!-- \n\t\t\t<ol class=\"vc_carousel-indicators\">\n\t\t\t\t\t\t\t\t<li data-target=\"#vc_carousel-1-1777461226\" data-slide-to=\"0\"><\/li>\n\t\t\t\t\t\t\t\t<li data-target=\"#vc_carousel-1-1777461226\" data-slide-to=\"1\"><\/li>\n\t\t\t\t\t\t\t\t<li data-target=\"#vc_carousel-1-1777461226\" data-slide-to=\"2\"><\/li>\n\t\t\t\t\t\t\t\t<li data-target=\"#vc_carousel-1-1777461226\" data-slide-to=\"3\"><\/li>\n\t\t\t\t\t\t\t\t<li data-target=\"#vc_carousel-1-1777461226\" data-slide-to=\"4\"><\/li>\n\t\t\t\t\t\t\t\t<li data-target=\"#vc_carousel-1-1777461226\" data-slide-to=\"5\"><\/li>\n\t\t\t\t\t\t\t\t<li data-target=\"#vc_carousel-1-1777461226\" data-slide-to=\"6\"><\/li>\n\t\t\t\t\t\t\t\t<li data-target=\"#vc_carousel-1-1777461226\" data-slide-to=\"7\"><\/li>\n\t\t\t\t\t\t\t\t<li data-target=\"#vc_carousel-1-1777461226\" data-slide-to=\"8\"><\/li>\n\t\t\t\t\t\t\t\t<li data-target=\"#vc_carousel-1-1777461226\" data-slide-to=\"9\"><\/li>\n\t\t\t\t\t\t\t\t<li data-target=\"#vc_carousel-1-1777461226\" data-slide-to=\"10\"><\/li>\n\t\t\t\t\t\t\t\t<li data-target=\"#vc_carousel-1-1777461226\" data-slide-to=\"11\"><\/li>\n\t\t\t\t\t\t\t\t<li data-target=\"#vc_carousel-1-1777461226\" data-slide-to=\"12\"><\/li>\n\t\t\t\t\t\t\t\t<li data-target=\"#vc_carousel-1-1777461226\" data-slide-to=\"13\"><\/li>\n\t\t\t\t\t\t\t\t<li data-target=\"#vc_carousel-1-1777461226\" data-slide-to=\"14\"><\/li>\n\t\t\t\t\t\t\t\t<li data-target=\"#vc_carousel-1-1777461226\" data-slide-to=\"15\"><\/li>\n\t\t\t\t\t\t\t\t<li data-target=\"#vc_carousel-1-1777461226\" data-slide-to=\"16\"><\/li>\n\t\t\t\t\t\t\t\t<li data-target=\"#vc_carousel-1-1777461226\" data-slide-to=\"17\"><\/li>\n\t\t\t\t\t\t\t\t<li data-target=\"#vc_carousel-1-1777461226\" data-slide-to=\"18\"><\/li>\n\t\t\t\t\t\t\t\t<li data-target=\"#vc_carousel-1-1777461226\" data-slide-to=\"19\"><\/li>\n\t\t\t\t\t\t\t<\/ol>\n\t\t\t\t\t\t-->\n\t\t\t<!-- Wrapper for slides -->\n\t\t\t<div class=\"vc_carousel-inner\">\n\t\t\t\t<div class=\"vc_carousel-slideline\">\n\t\t\t\t\t<div class=\"vc_carousel-slideline-inner\">\n\t\t\t\t\t\t\t\t\t\t\t\t\t\t\t\t\t\t<div class=\"vc_item vc_slide_post\" style=\"background-color: \">\n\t\t\t\t\t\t\t<div class=\"vc_inner\">\n\t\t\t\t\t\t\t\t\t\t\t\t\t\t\t\t\t<h2 class=\"post-title\">\n\t\t<a href=\"https:\/\/www.acertar.org.br\/acertar\/the-red-brick-art-museum-museu-de-arte-contemporanea-na-china-celebra-a-ceramica-vermelha\/\" class=\"link_title\" title=\"Permalink to The Red Brick Art Museum: Museu de arte contempor\u00e2nea celebra a Cer\u00e2mica Vermelha\">The Red Brick Art Museum: Museu de arte contempor\u00e2nea celebra a Cer\u00e2mica Vermelha<\/a>\t<\/h2>\n\t\t\t\t\t\t\t\t\t\t\t\t\t\t\t\t\t\t<div class=\"post-thumb\">\n\t\t<img loading=\"lazy\" decoding=\"async\" width=\"360\" height=\"210\" src=\"https:\/\/www.acertar.org.br\/wp-content\/uploads\/2016\/07\/Red-Brick-Contemporary-Art-Museum-1024x630-360x210.jpg\" class=\"attachment-post-carousel\" alt=\"\" srcset=\"https:\/\/www.acertar.org.br\/wp-content\/uploads\/2016\/07\/Red-Brick-Contemporary-Art-Museum-1024x630-360x210.jpg 360w, https:\/\/www.acertar.org.br\/wp-content\/uploads\/2016\/07\/Red-Brick-Contemporary-Art-Museum-1024x630-1024x600.jpg 1024w\" sizes=\"(max-width: 360px) 100vw, 360px\" \/>\t\t<\/div> \t\t\t\t\t\t\t\t\t\t\t\t\t\t\t\t\t<div class=\"entry-content\">\n\t\t<p>The Red Brick Art Museum &#8211; Museu de Arte do Tijolo Vermelho &#8211; est\u00e1 localizado no Distrito Internacional de Arte &hellip;<\/p>\t<\/div>\n\t\t\t\t\t\t\t\t\t\t\t\t\t\t\t<\/div>\n\t\t\t\t\t\t<\/div>\n\t\t\t\t\t\t\t\t\t\t\t\t\t\t\t\t\t\t<div class=\"vc_item vc_slide_post\" style=\"background-color: \">\n\t\t\t\t\t\t\t<div class=\"vc_inner\">\n\t\t\t\t\t\t\t\t\t\t\t\t\t\t\t\t\t<h2 class=\"post-title\">\n\t\t<a href=\"https:\/\/www.acertar.org.br\/acertar\/ceramica-vermelha-e-a-preferida-na-europa-pelo-desempenho-e-beleza\/\" class=\"link_title\" title=\"Permalink to Cer\u00e2mica vermelha \u00e9 a preferida na Europa, pelo desempenho e beleza.\">Cer\u00e2mica vermelha \u00e9 a preferida na Europa, pelo desempenho e beleza.<\/a>\t<\/h2>\n\t\t\t\t\t\t\t\t\t\t\t\t\t\t\t\t\t\t<div class=\"post-thumb\">\n\t\t<img loading=\"lazy\" decoding=\"async\" width=\"360\" height=\"210\" src=\"https:\/\/www.acertar.org.br\/wp-content\/uploads\/2016\/07\/CasaEuropa-360x210.jpg\" class=\"attachment-post-carousel\" alt=\"Cer\u00e2mica vermelha\" \/>\t\t<\/div> \t\t\t\t\t\t\t\t\t\t\t\t\t\t\t\t\t<div class=\"entry-content\">\n\t\t<p>Na Europa, blocos, telhas e lajes de cer\u00e2mica s\u00e3o os materiais mais utilizados na constru\u00e7\u00e3o. N\u00e3o \u00e9 por acaso que &hellip;<\/p>\t<\/div>\n\t\t\t\t\t\t\t\t\t\t\t\t\t\t\t<\/div>\n\t\t\t\t\t\t<\/div>\n\t\t\t\t\t\t\t\t\t\t\t\t\t\t\t\t\t\t<div class=\"vc_item vc_slide_post\" style=\"background-color: \">\n\t\t\t\t\t\t\t<div class=\"vc_inner\">\n\t\t\t\t\t\t\t\t\t\t\t\t\t\t\t\t\t<h2 class=\"post-title\">\n\t\t<a href=\"https:\/\/www.acertar.org.br\/acertar\/na-alemanha-projeto-de-tirar-o-folego-explora-a-plasticidade-da-ceramica-vermelha\/\" class=\"link_title\" title=\"Permalink to Na Alemanha, projeto de tirar o f\u00f4lego explora a plasticidade da cer\u00e2mica vermelha\">Na Alemanha, projeto de tirar o f\u00f4lego explora a plasticidade da cer\u00e2mica vermelha<\/a>\t<\/h2>\n\t\t\t\t\t\t\t\t\t\t\t\t\t\t\t\t\t\t<div class=\"post-thumb\">\n\t\t<a href=\"https:\/\/www.acertar.org.br\/acertar\/na-alemanha-projeto-de-tirar-o-folego-explora-a-plasticidade-da-ceramica-vermelha\/\" class=\"link_image\" title=\"Permalink to Na Alemanha, projeto de tirar o f\u00f4lego explora a plasticidade da cer\u00e2mica vermelha\"><img loading=\"lazy\" decoding=\"async\" width=\"360\" height=\"210\" src=\"https:\/\/www.acertar.org.br\/wp-content\/uploads\/2016\/06\/museo-marta-herford-gehry-2-360x210.jpg\" class=\"attachment-post-carousel\" alt=\"\" \/><\/a>\t\t<\/div> \t\t\t\t\t\t\t\t\t\t\t\t\t\t\t\t\t<div class=\"entry-content\">\n\t\t<p>A cidade de Herford na Alemanha \u00e9 o lar de um dos edif\u00edcios mais incomuns do mundo. Com suas formas &hellip;<\/p>\t<\/div>\n\t\t\t\t\t\t\t\t\t\t\t\t\t\t\t<\/div>\n\t\t\t\t\t\t<\/div>\n\t\t\t\t\t\t\t\t\t\t\t\t\t\t\t\t\t\t<div class=\"vc_item vc_slide_post\" style=\"background-color: \">\n\t\t\t\t\t\t\t<div class=\"vc_inner\">\n\t\t\t\t\t\t\t\t\t\t\t\t\t\t\t\t\t<h2 class=\"post-title\">\n\t\t<a href=\"https:\/\/www.acertar.org.br\/acertar\/ceramica-estrutural-leve-e-resistente-como-os-materiais-do-futuro\/\" class=\"link_title\" title=\"Permalink to Cer\u00e2mica Estrutural: leve e resistente como os materiais do futuro\">Cer\u00e2mica Estrutural: leve e resistente como os materiais do futuro<\/a>\t<\/h2>\n\t\t\t\t\t\t\t\t\t\t\t\t\t\t\t\t\t\t<div class=\"post-thumb\">\n\t\t<a href=\"https:\/\/www.acertar.org.br\/acertar\/ceramica-estrutural-leve-e-resistente-como-os-materiais-do-futuro\/\" class=\"link_image\" title=\"Permalink to Cer\u00e2mica Estrutural: leve e resistente como os materiais do futuro\"><img loading=\"lazy\" decoding=\"async\" width=\"360\" height=\"210\" src=\"https:\/\/www.acertar.org.br\/wp-content\/uploads\/2016\/05\/Estrutural1-360x210.jpg\" class=\"attachment-post-carousel\" alt=\"Alvenaria Estrural Cer\u00e2mica\" \/><\/a>\t\t<\/div> \t\t\t\t\t\t\t\t\t\t\t\t\t\t\t\t\t<div class=\"entry-content\">\n\t\t<p>Os autom\u00f3veis antigos eram pesados e precisavam de muita pot\u00eancia s\u00f3 para carregar a si mesmos. Mas a evolu\u00e7\u00e3o tecnol\u00f3gica &hellip;<\/p>\t<\/div>\n\t\t\t\t\t\t\t\t\t\t\t\t\t\t\t<\/div>\n\t\t\t\t\t\t<\/div>\n\t\t\t\t\t\t\t\t\t\t\t\t\t\t\t\t\t\t<div class=\"vc_item vc_slide_post\" style=\"background-color: \">\n\t\t\t\t\t\t\t<div class=\"vc_inner\">\n\t\t\t\t\t\t\t\t\t\t\t\t\t\t\t\t\t<h2 class=\"post-title\">\n\t\t<a href=\"https:\/\/www.acertar.org.br\/acertar\/muralha-da-china-foi-construida-com-tijolos-ceramicos\/\" class=\"link_title\" title=\"Permalink to Muralha da China foi constru\u00edda com tijolos cer\u00e2micos\">Muralha da China foi constru\u00edda com tijolos cer\u00e2micos<\/a>\t<\/h2>\n\t\t\t\t\t\t\t\t\t\t\t\t\t\t\t\t\t\t<div class=\"post-thumb\">\n\t\t<a href=\"https:\/\/www.acertar.org.br\/acertar\/muralha-da-china-foi-construida-com-tijolos-ceramicos\/\" class=\"link_image\" title=\"Permalink to Muralha da China foi constru\u00edda com tijolos cer\u00e2micos\"><img loading=\"lazy\" decoding=\"async\" width=\"360\" height=\"210\" src=\"https:\/\/www.acertar.org.br\/wp-content\/uploads\/2016\/04\/A-Grande-Muralha-da-China-1-360x210.jpg\" class=\"attachment-post-carousel\" alt=\"A Grande Muralha da China\" \/><\/a>\t\t<\/div> \t\t\t\t\t\t\t\t\t\t\t\t\t\t\t\t\t<div class=\"entry-content\">\n\t\t<p>Durante quase 2 mil anos os chineses ergueram a Muralha da China para se proteger dos invasores que vinham do &hellip;<\/p>\t<\/div>\n\t\t\t\t\t\t\t\t\t\t\t\t\t\t\t<\/div>\n\t\t\t\t\t\t<\/div>\n\t\t\t\t\t\t\t\t\t\t\t\t\t\t\t\t\t\t<div class=\"vc_item vc_slide_post\" style=\"background-color: \">\n\t\t\t\t\t\t\t<div class=\"vc_inner\">\n\t\t\t\t\t\t\t\t\t\t\t\t\t\t\t\t\t<h2 class=\"post-title\">\n\t\t<a href=\"https:\/\/www.acertar.org.br\/acertar\/polo-ceramico-de-tatui-e-regiao-fornece-material-para-a-casa-ceramica-da-feicon-2016\/\" class=\"link_title\" title=\"Permalink to Polo Cer\u00e2mico de Tatu\u00ed e Regi\u00e3o fornece material para a Casa Cer\u00e2mica da Feicon 2016\">Polo Cer\u00e2mico de Tatu\u00ed e Regi\u00e3o fornece material para a Casa Cer\u00e2mica da Feicon 2016<\/a>\t<\/h2>\n\t\t\t\t\t\t\t\t\t\t\t\t\t\t\t\t\t\t<div class=\"post-thumb\">\n\t\t<img loading=\"lazy\" decoding=\"async\" width=\"360\" height=\"210\" src=\"https:\/\/www.acertar.org.br\/wp-content\/uploads\/2016\/04\/CasaCeramica2016_blog-360x210.jpg\" class=\"attachment-post-carousel\" alt=\"\" \/>\t\t<\/div> \t\t\t\t\t\t\t\t\t\t\t\t\t\t\t\t\t<div class=\"entry-content\">\n\t\t<p>&nbsp; Encontre uma Cer\u00e2mica do Polo de Tatu\u00ed e Regi\u00e3o &#8211; Clique Aqui A Acertar \u2013 Associa\u00e7\u00e3o das Cer\u00e2micas de &hellip;<\/p>\t<\/div>\n\t\t\t\t\t\t\t\t\t\t\t\t\t\t\t<\/div>\n\t\t\t\t\t\t<\/div>\n\t\t\t\t\t\t\t\t\t\t\t\t\t\t\t\t\t\t<div class=\"vc_item vc_slide_post\" style=\"background-color: \">\n\t\t\t\t\t\t\t<div class=\"vc_inner\">\n\t\t\t\t\t\t\t\t\t\t\t\t\t\t\t\t\t<h2 class=\"post-title\">\n\t\t<a href=\"https:\/\/www.acertar.org.br\/acertar\/cimento-e-um-dos-lideres-na-emissao-de-gases-de-efeito-estufa\/\" class=\"link_title\" title=\"Permalink to Cimento \u00e9 um dos l\u00edderes na emiss\u00e3o de gases de efeito estufa\">Cimento \u00e9 um dos l\u00edderes na emiss\u00e3o de gases de efeito estufa<\/a>\t<\/h2>\n\t\t\t\t\t\t\t\t\t\t\t\t\t\t\t\t\t\t<div class=\"post-thumb\">\n\t\t<img loading=\"lazy\" decoding=\"async\" width=\"360\" height=\"210\" src=\"https:\/\/www.acertar.org.br\/wp-content\/uploads\/2016\/02\/blocos-de-cimento-360x210.jpg\" class=\"attachment-post-carousel\" alt=\"\" \/>\t\t<\/div> \t\t\t\t\t\t\t\t\t\t\t\t\t\t\t\t\t<div class=\"entry-content\">\n\t\t<p>A produ\u00e7\u00e3o de alum\u00ednio, cal, cimento, siderurgia, papel e celulose, qu\u00edmica e vidro respondem por 90% das emiss\u00f5es de gases &hellip;<\/p>\t<\/div>\n\t\t\t\t\t\t\t\t\t\t\t\t\t\t\t<\/div>\n\t\t\t\t\t\t<\/div>\n\t\t\t\t\t\t\t\t\t\t\t\t\t\t\t\t\t\t<div class=\"vc_item vc_slide_post\" style=\"background-color: \">\n\t\t\t\t\t\t\t<div class=\"vc_inner\">\n\t\t\t\t\t\t\t\t\t\t\t\t\t\t\t\t\t<h2 class=\"post-title\">\n\t\t<a href=\"https:\/\/www.acertar.org.br\/acertar\/3-maneiras-de-deixar-sua-casa-fresquinha-no-verao\/\" class=\"link_title\" title=\"Permalink to 3 materiais que deixam sua casa fresquinha no ver\u00e3o\">3 materiais que deixam sua casa fresquinha no ver\u00e3o<\/a>\t<\/h2>\n\t\t\t\t\t\t\t\t\t\t\t\t\t\t\t\t\t\t<div class=\"post-thumb\">\n\t\t<a href=\"https:\/\/www.acertar.org.br\/acertar\/3-maneiras-de-deixar-sua-casa-fresquinha-no-verao\/\" class=\"link_image\" title=\"Permalink to 3 materiais que deixam sua casa fresquinha no ver\u00e3o\"><img loading=\"lazy\" decoding=\"async\" width=\"360\" height=\"210\" src=\"https:\/\/www.acertar.org.br\/wp-content\/uploads\/2016\/03\/casa_selo1-360x210.jpg\" class=\"attachment-post-carousel\" alt=\"blocos telhas e lajes\" \/><\/a>\t\t<\/div> \t\t\t\t\t\t\t\t\t\t\t\t\t\t\t\t\t<div class=\"entry-content\">\n\t\t<p>&nbsp; Voc\u00ea j\u00e1 percebeu como a \u00e1gua de um filtro de barro \u00e9 fresquinha,\u00a0mesmo num dia quente, sem precisar de &hellip;<\/p>\t<\/div>\n\t\t\t\t\t\t\t\t\t\t\t\t\t\t\t<\/div>\n\t\t\t\t\t\t<\/div>\n\t\t\t\t\t\t\t\t\t\t\t\t\t\t\t\t\t\t<div class=\"vc_item vc_slide_post\" style=\"background-color: \">\n\t\t\t\t\t\t\t<div class=\"vc_inner\">\n\t\t\t\t\t\t\t\t\t\t\t\t\t\t\t\t\t<h2 class=\"post-title\">\n\t\t<a href=\"https:\/\/www.acertar.org.br\/acertar\/regiao-de-tatui-e-o-polo-dos-melhores-produtos-ceramicos\/\" class=\"link_title\" title=\"Permalink to Regi\u00e3o de Tatu\u00ed \u00e9 Polo dos melhores produtos cer\u00e2micos\">Regi\u00e3o de Tatu\u00ed \u00e9 Polo dos melhores produtos cer\u00e2micos<\/a>\t<\/h2>\n\t\t\t\t\t\t\t\t\t\t\t\t\t\t\t\t\t\t<div class=\"post-thumb\">\n\t\t<a href=\"https:\/\/www.acertar.org.br\/acertar\/regiao-de-tatui-e-o-polo-dos-melhores-produtos-ceramicos\/\" class=\"link_image\" title=\"Permalink to Regi\u00e3o de Tatu\u00ed \u00e9 Polo dos melhores produtos cer\u00e2micos\"><img loading=\"lazy\" decoding=\"async\" width=\"360\" height=\"210\" src=\"https:\/\/www.acertar.org.br\/wp-content\/uploads\/2016\/02\/fabrica_selo1-360x210.jpg\" class=\"attachment-post-carousel\" alt=\"\" \/><\/a>\t\t<\/div> \t\t\t\t\t\t\t\t\t\t\t\t\t\t\t\t\t<div class=\"entry-content\">\n\t\t<p>A Regi\u00e3o de Tatu\u00ed conta com argila de excelente qualidade. Foi justamente ali que floresceu a\u00a0tradi\u00e7\u00e3o de muitas gera\u00e7\u00f5es de &hellip;<\/p>\t<\/div>\n\t\t\t\t\t\t\t\t\t\t\t\t\t\t\t<\/div>\n\t\t\t\t\t\t<\/div>\n\t\t\t\t\t\t\t\t\t\t\t\t\t\t\t\t\t\t<div class=\"vc_item vc_slide_post\" style=\"background-color: \">\n\t\t\t\t\t\t\t<div class=\"vc_inner\">\n\t\t\t\t\t\t\t\t\t\t\t\t\t\t\t\t\t<h2 class=\"post-title\">\n\t\t<a href=\"https:\/\/www.acertar.org.br\/acertar\/joao-de-barro-prefere-tijolo-ceramica\/\" class=\"link_title\" title=\"Permalink to Jo\u00e3o-de-Barro faz parte da hist\u00f3ria do tijolo cer\u00e2mico\">Jo\u00e3o-de-Barro faz parte da hist\u00f3ria do tijolo cer\u00e2mico<\/a>\t<\/h2>\n\t\t\t\t\t\t\t\t\t\t\t\t\t\t\t\t\t<div class=\"entry-content\">\n\t\t<p>Quando dizemos que a Cer\u00e2mica \u00e9 Sustent\u00e1vel por Natureza n\u00e3o \u00e9 apenas for\u00e7a de express\u00e3o. Basta comprovar observando a casa &hellip;<\/p>\t<\/div>\n\t\t\t\t\t\t\t\t\t\t\t\t\t\t\t\t\t\t<div class=\"post-thumb\">\n\t\t<a href=\"https:\/\/www.acertar.org.br\/acertar\/joao-de-barro-prefere-tijolo-ceramica\/\" class=\"link_image\" title=\"Permalink to Jo\u00e3o-de-Barro faz parte da hist\u00f3ria do tijolo cer\u00e2mico\"><img loading=\"lazy\" decoding=\"async\" width=\"360\" height=\"210\" src=\"https:\/\/www.acertar.org.br\/wp-content\/uploads\/2015\/01\/joaodebarro-360x210.jpg\" class=\"attachment-post-carousel\" alt=\"\" \/><\/a>\t\t<\/div> \t\t\t\t\t\t\t\t\t\t\t\t\t\t\t<\/div>\n\t\t\t\t\t\t<\/div>\n\t\t\t\t\t\t\t\t\t\t\t\t\t\t\t\t\t\t<div class=\"vc_item vc_slide_post\" style=\"background-color: \">\n\t\t\t\t\t\t\t<div class=\"vc_inner\">\n\t\t\t\t\t\t\t\t\t\t\t\t\t\t\t\t\t<h2 class=\"post-title\">\n\t\t<a href=\"https:\/\/www.acertar.org.br\/acertar\/o-taj-mahal-foi-erguido-com-tijolos-ceramicos\/\" class=\"link_title\" title=\"Permalink to Taj Mahal foi erguido com tijolos cer\u00e2micos\">Taj Mahal foi erguido com tijolos cer\u00e2micos<\/a>\t<\/h2>\n\t\t\t\t\t\t\t\t\t\t\t\t\t\t\t\t\t\t<div class=\"post-thumb\">\n\t\t<img loading=\"lazy\" decoding=\"async\" width=\"360\" height=\"210\" src=\"https:\/\/www.acertar.org.br\/wp-content\/uploads\/2015\/11\/TajMahal-360x210.jpg\" class=\"attachment-post-carousel\" alt=\"\" \/>\t\t<\/div> \t\t\t\t\t\t\t\t\t\t\t\t\t\t\t\t\t<div class=\"entry-content\">\n\t\t<p>Monumento mais conhecido da \u00cdndia, o Taj Mahal foi erguido com pequenos tijolos cer\u00e2micos produzidos em fornos nos arredores da &hellip;<\/p>\t<\/div>\n\t\t\t\t\t\t\t\t\t\t\t\t\t\t\t<\/div>\n\t\t\t\t\t\t<\/div>\n\t\t\t\t\t\t\t\t\t\t\t\t\t\t\t\t\t\t<div class=\"vc_item vc_slide_post\" style=\"background-color: \">\n\t\t\t\t\t\t\t<div class=\"vc_inner\">\n\t\t\t\t\t\t\t\t\t\t\t\t\t\t\t\t\t<h2 class=\"post-title\">\n\t\t<a href=\"https:\/\/www.acertar.org.br\/acertar\/qual-material-isola-melhor-a-temperatura\/\" class=\"link_title\" title=\"Permalink to Qual material isola melhor a temperatura\">Qual material isola melhor a temperatura<\/a>\t<\/h2>\n\t\t\t\t\t\t\t\t\t\t\t\t\t\t\t\t\t\t<div class=\"post-thumb\">\n\t\t<a href=\"https:\/\/www.acertar.org.br\/acertar\/qual-material-isola-melhor-a-temperatura\/\" class=\"link_image\" title=\"Permalink to Qual material isola melhor a temperatura\"><img loading=\"lazy\" decoding=\"async\" width=\"360\" height=\"210\" src=\"https:\/\/www.acertar.org.br\/wp-content\/uploads\/2015\/11\/Videos_Frame_Temp-360x210.jpg\" class=\"attachment-post-carousel\" alt=\"Cer\u00e2mica isola a temperatura\" srcset=\"https:\/\/www.acertar.org.br\/wp-content\/uploads\/2015\/11\/Videos_Frame_Temp-360x210.jpg 360w, https:\/\/www.acertar.org.br\/wp-content\/uploads\/2015\/11\/Videos_Frame_Temp-640x372.jpg 640w\" sizes=\"(max-width: 360px) 100vw, 360px\" \/><\/a>\t\t<\/div> \t\t\t\t\t\t\t\t\t\t\t\t\t\t\t\t\t<div class=\"entry-content\">\n\t\t<p>Materiais de cer\u00e2mica (como tijolo, telha e laje) isolam melhor a temperatura que os produtos derivados do cimento. Isso porque, &hellip;<\/p>\t<\/div>\n\t\t\t\t\t\t\t\t\t\t\t\t\t\t\t<\/div>\n\t\t\t\t\t\t<\/div>\n\t\t\t\t\t\t\t\t\t\t\t\t\t\t\t\t\t\t<div class=\"vc_item vc_slide_post\" style=\"background-color: \">\n\t\t\t\t\t\t\t<div class=\"vc_inner\">\n\t\t\t\t\t\t\t\t\t\t\t\t\t\t\t\t\t<h2 class=\"post-title\">\n\t\t<a href=\"https:\/\/www.acertar.org.br\/acertar\/filtro-de-ceramica-uma-celebridade-internacional\/\" class=\"link_title\" title=\"Permalink to Filtro de Cer\u00e2mica, uma celebridade internacional\">Filtro de Cer\u00e2mica, uma celebridade internacional<\/a>\t<\/h2>\n\t\t\t\t\t\t\t\t\t\t\t\t\t\t\t\t\t\t<div class=\"post-thumb\">\n\t\t<img loading=\"lazy\" decoding=\"async\" width=\"360\" height=\"210\" src=\"https:\/\/www.acertar.org.br\/wp-content\/uploads\/2015\/04\/FiltroBarro4-360x210.jpg\" class=\"attachment-post-carousel\" alt=\"\" \/>\t\t<\/div> \t\t\t\t\t\t\t\t\t\t\t\t\t\t\t\t\t<div class=\"entry-content\">\n\t\t<p>N\u00f3s, brasileiros, temos provavelmente o melhor sistema de filtragem de \u00e1gua nas m\u00e3os, h\u00e1 muito tempo, e nem mesmo sab\u00edamos &hellip;<\/p>\t<\/div>\n\t\t\t\t\t\t\t\t\t\t\t\t\t\t\t<\/div>\n\t\t\t\t\t\t<\/div>\n\t\t\t\t\t\t\t\t\t\t\t\t\t\t\t\t\t\t<div class=\"vc_item vc_slide_post\" style=\"background-color: \">\n\t\t\t\t\t\t\t<div class=\"vc_inner\">\n\t\t\t\t\t\t\t\t\t\t\t\t\t\t\t\t\t<h2 class=\"post-title\">\n\t\t<a href=\"https:\/\/www.acertar.org.br\/acertar\/tijolo-reduz-aquecimento-global\/\" class=\"link_title\" title=\"Permalink to Tijolo, bloco, lajota e telha de cer\u00e2mica reduzem aquecimento global\">Tijolo, bloco, lajota e telha de cer\u00e2mica reduzem aquecimento global<\/a>\t<\/h2>\n\t\t\t\t\t\t\t\t\t\t\t\t\t\t\t\t\t\t<div class=\"post-thumb\">\n\t\t<img loading=\"lazy\" decoding=\"async\" width=\"360\" height=\"210\" src=\"https:\/\/www.acertar.org.br\/wp-content\/uploads\/2015\/10\/FB_CO2_07out-360x210.png\" class=\"attachment-post-carousel\" alt=\"bloco, tijolo, telha\" \/>\t\t<\/div> \t\t\t\t\t\t\t\t\t\t\t\t\t\t\t\t\t<div class=\"entry-content\">\n\t\t<p>Os produtos cer\u00e2micos &#8211; bloco, tijolo, telha\u00a0&#8211; emitem at\u00e9 66% menos gases poluentes como o CO2 e que s\u00e3o respons\u00e1veis &hellip;<\/p>\t<\/div>\n\t\t\t\t\t\t\t\t\t\t\t\t\t\t\t<\/div>\n\t\t\t\t\t\t<\/div>\n\t\t\t\t\t\t\t\t\t\t\t\t\t\t\t\t\t\t<div class=\"vc_item vc_slide_post\" style=\"background-color: \">\n\t\t\t\t\t\t\t<div class=\"vc_inner\">\n\t\t\t\t\t\t\t\t\t\t\t\t\t\t\t\t\t<h2 class=\"post-title\">\n\t\t<a href=\"https:\/\/www.acertar.org.br\/acertar\/qual-material-isola-melhor-a-umidade\/\" class=\"link_title\" title=\"Permalink to Qual material isola melhor a umidade\">Qual material isola melhor a umidade<\/a>\t<\/h2>\n\t\t\t\t\t\t\t\t\t\t\t\t\t\t\t\t\t\t<div class=\"post-thumb\">\n\t\t<img loading=\"lazy\" decoding=\"async\" width=\"360\" height=\"210\" src=\"https:\/\/www.acertar.org.br\/wp-content\/uploads\/2015\/10\/Video_Umidade-360x210.jpg\" class=\"attachment-post-carousel\" alt=\"\" srcset=\"https:\/\/www.acertar.org.br\/wp-content\/uploads\/2015\/10\/Video_Umidade-360x210.jpg 360w, https:\/\/www.acertar.org.br\/wp-content\/uploads\/2015\/10\/Video_Umidade-88x50.jpg 88w\" sizes=\"(max-width: 360px) 100vw, 360px\" \/>\t\t<\/div> \t\t\t\t\t\t\t\t\t\t\t\t\t\t\t\t\t<div class=\"entry-content\">\n\t\t<p>Os materiais cer\u00e2micos isolam melhor a umidade. Isso significa que os ambientes est\u00e3o sempre mais secos e saud\u00e1veis. Uma casa &hellip;<\/p>\t<\/div>\n\t\t\t\t\t\t\t\t\t\t\t\t\t\t\t<\/div>\n\t\t\t\t\t\t<\/div>\n\t\t\t\t\t\t\t\t\t\t\t\t\t\t\t\t\t\t<div class=\"vc_item vc_slide_post\" style=\"background-color: \">\n\t\t\t\t\t\t\t<div class=\"vc_inner\">\n\t\t\t\t\t\t\t\t\t\t\t\t\t\t\t\t\t<h2 class=\"post-title\">\n\t\t<a href=\"https:\/\/www.acertar.org.br\/acertar\/tecnologia-construtiva-do-futuro\/\" class=\"link_title\" title=\"Permalink to Tecnologia Construtiva do Futuro &#8211; bloco, tijolo, telha\">Tecnologia Construtiva do Futuro &#8211; bloco, tijolo, telha<\/a>\t<\/h2>\n\t\t\t\t\t\t\t\t\t\t\t\t\t\t\t\t\t\t<div class=\"post-thumb\">\n\t\t<img loading=\"lazy\" decoding=\"async\" width=\"360\" height=\"210\" src=\"https:\/\/www.acertar.org.br\/wp-content\/uploads\/2015\/06\/Robots2-360x210.png\" class=\"attachment-post-carousel\" alt=\"bloco, tijolo, telha\" \/>\t\t<\/div> \t\t\t\t\t\t\t\t\t\t\t\t\t\t\t\t\t<div class=\"entry-content\">\n\t\t<p>As ind\u00fastrias cer\u00e2micas de hoje (que produzem bloco, tijolo, telha de cer\u00e2mica) empregam rob\u00f4s, automa\u00e7\u00e3o al\u00e9m de fontes sustent\u00e1veis de &hellip;<\/p>\t<\/div>\n\t\t\t\t\t\t\t\t\t\t\t\t\t\t\t<\/div>\n\t\t\t\t\t\t<\/div>\n\t\t\t\t\t\t\t\t\t\t\t\t\t\t\t\t\t\t<div class=\"vc_item vc_slide_post\" style=\"background-color: \">\n\t\t\t\t\t\t\t<div class=\"vc_inner\">\n\t\t\t\t\t\t\t\t\t\t\t\t\t\t\t\t\t<h2 class=\"post-title\">\n\t\t<a href=\"https:\/\/www.acertar.org.br\/acertar\/ceramica-e-a-primeira-escolha-para-economizar-agua\/\" class=\"link_title\" title=\"Permalink to Cer\u00e2mica \u00e9 a primeira escolha para economizar \u00e1gua\">Cer\u00e2mica \u00e9 a primeira escolha para economizar \u00e1gua<\/a>\t<\/h2>\n\t\t\t\t\t\t\t\t\t\t\t\t\t\t\t\t\t\t<div class=\"post-thumb\">\n\t\t<a href=\"https:\/\/www.acertar.org.br\/acertar\/ceramica-e-a-primeira-escolha-para-economizar-agua\/\" class=\"link_image\" title=\"Permalink to Cer\u00e2mica \u00e9 a primeira escolha para economizar \u00e1gua\"><img loading=\"lazy\" decoding=\"async\" width=\"360\" height=\"210\" src=\"https:\/\/www.acertar.org.br\/wp-content\/uploads\/2015\/10\/ThumbAgua-360x210.jpg\" class=\"attachment-post-carousel\" alt=\"\" \/><\/a>\t\t<\/div> \t\t\t\t\t\t\t\t\t\t\t\t\t\t\t\t\t<div class=\"entry-content\">\n\t\t<p>Os produtos\u00a0cer\u00e2micos s\u00e3o a solu\u00e7\u00e3o de primeira escolha para os\u00a0empreendimentos que adotam\u00a0as mais avan\u00e7adas solu\u00e7\u00f5es para a sustentabilidade.\u00a0Isso porque construir &hellip;<\/p>\t<\/div>\n\t\t\t\t\t\t\t\t\t\t\t\t\t\t\t<\/div>\n\t\t\t\t\t\t<\/div>\n\t\t\t\t\t\t\t\t\t\t\t\t\t\t\t\t\t\t<div class=\"vc_item vc_slide_post\" style=\"background-color: \">\n\t\t\t\t\t\t\t<div class=\"vc_inner\">\n\t\t\t\t\t\t\t\t\t\t\t\t\t\t\t\t\t<h2 class=\"post-title\">\n\t\t<a href=\"https:\/\/www.acertar.org.br\/acertar\/ceramica-materiais-100-reciclaveis\/\" class=\"link_title\" title=\"Permalink to Cer\u00e2mica: materiais 100% recicl\u00e1veis\">Cer\u00e2mica: materiais 100% recicl\u00e1veis<\/a>\t<\/h2>\n\t\t\t\t\t\t\t\t\t\t\t\t\t\t\t\t\t\t<div class=\"post-thumb\">\n\t\t<img loading=\"lazy\" decoding=\"async\" width=\"360\" height=\"210\" src=\"https:\/\/www.acertar.org.br\/wp-content\/uploads\/2015\/04\/100Reciclavel1-360x210.jpg\" class=\"attachment-post-carousel\" alt=\"\" \/>\t\t<\/div> \t\t\t\t\t\t\t\t\t\t\t\t\t\t\t\t\t<div class=\"entry-content\">\n\t\t<p>Um dos grandes desafios da sustentabilidade \u00e9, sem d\u00favida, a reciclagem. Em todos os segmentos da economia novas solu\u00e7\u00f5es est\u00e3o &hellip;<\/p>\t<\/div>\n\t\t\t\t\t\t\t\t\t\t\t\t\t\t\t<\/div>\n\t\t\t\t\t\t<\/div>\n\t\t\t\t\t\t\t\t\t\t\t\t\t\t\t\t\t\t<div class=\"vc_item vc_slide_post\" style=\"background-color: \">\n\t\t\t\t\t\t\t<div class=\"vc_inner\">\n\t\t\t\t\t\t\t\t\t\t\t\t\t\t\t\t\t<h2 class=\"post-title\">\n\t\t<a href=\"https:\/\/www.acertar.org.br\/acertar\/casa-ceramica-um-sucesso-na-feicon-2015\/\" class=\"link_title\" title=\"Permalink to Casa Cer\u00e2mica, um sucesso na Feicon 2015\">Casa Cer\u00e2mica, um sucesso na Feicon 2015<\/a>\t<\/h2>\n\t\t\t\t\t\t\t\t\t\t\t\t\t\t\t\t\t\t<div class=\"post-thumb\">\n\t\t<img loading=\"lazy\" decoding=\"async\" width=\"300\" height=\"155\" src=\"https:\/\/www.acertar.org.br\/wp-content\/uploads\/2015\/04\/CasaCeramica2015.jpg\" class=\"attachment-post-carousel\" alt=\"\" srcset=\"https:\/\/www.acertar.org.br\/wp-content\/uploads\/2015\/04\/CasaCeramica2015.jpg 300w, https:\/\/www.acertar.org.br\/wp-content\/uploads\/2015\/04\/CasaCeramica2015-97x50.jpg 97w\" sizes=\"(max-width: 300px) 100vw, 300px\" \/>\t\t<\/div> \t\t\t\t\t\t\t\t\t\t\t\t\t\t\t\t\t<div class=\"entry-content\">\n\t\t<p>O p\u00fablico mais uma vez compareceu e pode verificar a versatilidade e qualidade dos produtos cer\u00e2micos. Com o apoio da &hellip;<\/p>\t<\/div>\n\t\t\t\t\t\t\t\t\t\t\t\t\t\t\t<\/div>\n\t\t\t\t\t\t<\/div>\n\t\t\t\t\t\t\t\t\t\t\t\t\t\t\t\t\t\t<div class=\"vc_item vc_slide_post\" style=\"background-color: \">\n\t\t\t\t\t\t\t<div class=\"vc_inner\">\n\t\t\t\t\t\t\t\t\t\t\t\t\t\t\t\t\t<h2 class=\"post-title\">\n\t\t<a href=\"https:\/\/www.acertar.org.br\/acertar\/casa-gostosa-no-frio-e-no-calor\/\" class=\"link_title\" title=\"Permalink to Casa gostosa no frio e no calor: qual o segredo?\">Casa gostosa no frio e no calor: qual o segredo?<\/a>\t<\/h2>\n\t\t\t\t\t\t\t\t\t\t\t\t\t\t\t\t\t<div class=\"entry-content\">\n\t\t<p>Uma casa confort\u00e1vel tem que ser\u00a0acolhedora no inverno e fresquinha nos dias quentes de ver\u00e3o. Aquela sensa\u00e7\u00e3o gostosa de conforto &hellip;<\/p>\t<\/div>\n\t\t\t\t\t\t\t\t\t\t\t\t\t\t\t\t\t\t<div class=\"post-thumb\">\n\t\t<a href=\"https:\/\/www.acertar.org.br\/acertar\/casa-gostosa-no-frio-e-no-calor\/\" class=\"link_image\" title=\"Permalink to Casa gostosa no frio e no calor: qual o segredo?\"><img loading=\"lazy\" decoding=\"async\" width=\"360\" height=\"210\" src=\"https:\/\/www.acertar.org.br\/wp-content\/uploads\/2015\/01\/iStock_000016301155Small-360x210.jpg\" class=\"attachment-post-carousel\" alt=\"\" \/><\/a>\t\t<\/div> \t\t\t\t\t\t\t\t\t\t\t\t\t\t\t<\/div>\n\t\t\t\t\t\t<\/div>\n\t\t\t\t\t\t\t\t\t\t\t<\/div>\n\t\t\t\t<\/div>\n\t\t\t<\/div>\n\t\t\t\t\t\t<!-- Controls -->\n\t\t\t<a class=\"vc_left vc_carousel-control\" href=\"#vc_carousel-1-1777461226\" data-slide=\"prev\">\n\t\t\t\t<span class=\"icon-prev\"><\/span>\n\t\t\t<\/a>\n\t\t\t<a class=\"vc_right vc_carousel-control\" href=\"#vc_carousel-1-1777461226\" data-slide=\"next\">\n\t\t\t\t<span class=\"icon-next\"><\/span>\n\t\t\t<\/a>\n\t\t\t\t\t<\/div>\n\t<\/div>\n<\/div>\n<div class=\"vc_empty_space\"  style=\"height: 15px\" ><span class=\"vc_empty_space_inner\"><\/span><\/div>\n\n\n\t\t<\/div> \n\t<\/div> \n<\/div><\/div><\/div><div class=\"vc_row wpb_row vc_row-fluid full-width-section  vertically-align-columns  vc_custom_1425920016008\" style=\"color:#ffffff;\" ><div class=\"container\" style=\"position: relative; z-index: 3;\"><div class=\"row\">\n\t<div class=\"vc_col-sm-2 wpb_column vc_column_container\">\n\t\t<div class=\"wpb_wrapper\">\n\t\t\t\n\t<div class=\"wpb_single_image wpb_content_element wpb_animate_when_almost_visible wpb_left-to-right vc_align_center\">\n\t\t<div class=\"wpb_wrapper\">\n\t\t\t\n\t\t\t<a href=\"https:\/\/www.facebook.com\/pages\/Acertar\/468626646618668\" target=\"_self\"><img loading=\"lazy\" decoding=\"async\" width=\"42\" height=\"42\" src=\"https:\/\/www.acertar.org.br\/wp-content\/uploads\/2014\/01\/1face.png\" class=\" vc_box_border_grey attachment-full\" alt=\"\" \/><\/a>\n\t\t<\/div> \n\t<\/div> \n\t\t<\/div> \n\t<\/div> \n\n\t<div class=\"vc_col-sm-2 wpb_column vc_column_container\">\n\t\t<div class=\"wpb_wrapper\">\n\t\t\t\n\t<div class=\"wpb_single_image wpb_content_element wpb_animate_when_almost_visible wpb_left-to-right vc_align_center\">\n\t\t<div class=\"wpb_wrapper\">\n\t\t\t\n\t\t\t<a href=\"https:\/\/www.youtube.com\/channel\/UCEfwO-79rKh2CF8b4O8DmMQ\" target=\"_blank\"><img loading=\"lazy\" decoding=\"async\" width=\"42\" height=\"42\" src=\"https:\/\/www.acertar.org.br\/wp-content\/uploads\/2014\/01\/1Youtube.png\" class=\" vc_box_border_grey attachment-full\" alt=\"\" \/><\/a>\n\t\t<\/div> \n\t<\/div> \n\t\t<\/div> \n\t<\/div> \n\n\t<div class=\"vc_col-sm-2 wpb_column vc_column_container\">\n\t\t<div class=\"wpb_wrapper\">\n\t\t\t\n\t<div class=\"wpb_single_image wpb_content_element wpb_animate_when_almost_visible wpb_left-to-right vc_align_center\">\n\t\t<div class=\"wpb_wrapper\">\n\t\t\t\n\t\t\t<a href=\"https:\/\/plus.google.com\/u\/0\/b\/105992834710424511689\/105992834710424511689\/posts\/p\/pub\" target=\"_blank\"><img loading=\"lazy\" decoding=\"async\" width=\"42\" height=\"42\" src=\"https:\/\/www.acertar.org.br\/wp-content\/uploads\/2014\/01\/1Gplus.png\" class=\" vc_box_border_grey attachment-full\" alt=\"\" \/><\/a>\n\t\t<\/div> \n\t<\/div> \n\t\t<\/div> \n\t<\/div> \n\n\t<div class=\"vc_col-sm-6 wpb_column vc_column_container\">\n\t\t<div class=\"wpb_wrapper\">\n\t\t\t\n\t<div class=\"wpb_text_column wpb_content_element  wpb_animate_when_almost_visible wpb_right-to-left\">\n\t\t<div class=\"wpb_wrapper\">\n\t\t\t<p><a class=\"large white radius shortcode button\"  href=\"https:\/\/www.acertar.org.br\/acertar\/associados_acertar\/\"  target=\"_self\" >Encontre uma Cer\u00e2mica<\/a><\/p>\n\n\t\t<\/div> \n\t<\/div> \n\t\t<\/div> \n\t<\/div> \n<\/div><\/div><\/div><div class=\"vc_row wpb_row vc_row-fluid   vc_custom_1422570748609\" style=\"color:#ffffff;\" ><div class=\"container\"><div class=\"row\">\n\t<div class=\"vc_col-sm-12 wpb_column vc_column_container\">\n\t\t<div class=\"wpb_wrapper\">\n\t\t\t\n\t<div class=\"wpb_text_column wpb_content_element \">\n\t\t<div class=\"wpb_wrapper\">\n\t\t\t<p><strong>ACERTAR<\/strong><br \/>\nAssocia\u00e7\u00e3o das Cer\u00e2micas de Tatu\u00ed e Regi\u00e3o<br \/>\nRua Ven\u00e2ncio Perez, 150 \u2013 Jd. Sta. Em\u00edlia \u2013 Tatu\u00ed \u2013 SP<br \/>\nCEP 18.277-049 \u2013 Telefone (15) 3251 5275<\/p>\n\n\t\t<\/div> \n\t<\/div> \n\t\t<\/div> \n\t<\/div> \n<\/div><\/div><\/div>\n","protected":false},"excerpt":{"rendered":"Uma casa confort\u00e1vel tem que ser\u00a0acolhedora no inverno e fresquinha nos dias quentes de ver\u00e3o. Aquela sensa\u00e7\u00e3o gostosa de conforto depende dos ambientes serem bem iluminados, arejados e protegidos da...","protected":false},"author":1,"featured_media":0,"parent":0,"menu_order":0,"comment_status":"open","ping_status":"open","template":"template-minimal-page.php","meta":{"footnotes":""},"yoast_head":"<!-- This site is optimized with the Yoast SEO plugin v22.8 - https:\/\/yoast.com\/wordpress\/plugins\/seo\/ -->\n<title>Home - Bloco Ceramico-Tijolo-Telha-Laje-SP<\/title>\n<meta name=\"robots\" content=\"index, follow, max-snippet:-1, max-image-preview:large, max-video-preview:-1\" \/>\n<link rel=\"canonical\" href=\"https:\/\/www.acertar.org.br\/acertar\/\" \/>\n<meta property=\"og:locale\" content=\"pt_BR\" \/>\n<meta property=\"og:type\" content=\"article\" \/>\n<meta property=\"og:title\" content=\"Home - Bloco Ceramico-Tijolo-Telha-Laje-SP\" \/>\n<meta property=\"og:url\" content=\"https:\/\/www.acertar.org.br\/acertar\/\" \/>\n<meta property=\"og:site_name\" content=\"Bloco Ceramico-Tijolo-Telha-Laje-SP\" \/>\n<meta property=\"article:modified_time\" content=\"2024-05-08T18:47:14+00:00\" \/>\n<meta name=\"twitter:label1\" content=\"Est. tempo de leitura\" \/>\n\t<meta name=\"twitter:data1\" content=\"1 minuto\" \/>\n<script type=\"application\/ld+json\" class=\"yoast-schema-graph\">{\"@context\":\"https:\/\/schema.org\",\"@graph\":[{\"@type\":\"WebPage\",\"@id\":\"https:\/\/www.acertar.org.br\/acertar\/\",\"url\":\"https:\/\/www.acertar.org.br\/acertar\/\",\"name\":\"Home - Bloco Ceramico-Tijolo-Telha-Laje-SP\",\"isPartOf\":{\"@id\":\"https:\/\/www.acertar.org.br\/acertar\/#website\"},\"datePublished\":\"2014-01-22T12:04:19+00:00\",\"dateModified\":\"2024-05-08T18:47:14+00:00\",\"breadcrumb\":{\"@id\":\"https:\/\/www.acertar.org.br\/acertar\/#breadcrumb\"},\"inLanguage\":\"pt-BR\",\"potentialAction\":[{\"@type\":\"ReadAction\",\"target\":[\"https:\/\/www.acertar.org.br\/acertar\/\"]}]},{\"@type\":\"BreadcrumbList\",\"@id\":\"https:\/\/www.acertar.org.br\/acertar\/#breadcrumb\",\"itemListElement\":[{\"@type\":\"ListItem\",\"position\":1,\"name\":\"In\u00edcio\",\"item\":\"https:\/\/www.acertar.org.br\/acertar\/\"},{\"@type\":\"ListItem\",\"position\":2,\"name\":\"Home\"}]},{\"@type\":\"WebSite\",\"@id\":\"https:\/\/www.acertar.org.br\/acertar\/#website\",\"url\":\"https:\/\/www.acertar.org.br\/acertar\/\",\"name\":\"Bloco Ceramico-Tijolo-Telha-Laje-SP\",\"description\":\"Associa\u00e7\u00e3o das Cer\u00e2micas de Tatu\u00ed e Regi\u00e3o\",\"potentialAction\":[{\"@type\":\"SearchAction\",\"target\":{\"@type\":\"EntryPoint\",\"urlTemplate\":\"https:\/\/www.acertar.org.br\/acertar\/?s={search_term_string}\"},\"query-input\":\"required name=search_term_string\"}],\"inLanguage\":\"pt-BR\"}]}<\/script>\n<!-- \/ Yoast SEO plugin. -->","yoast_head_json":{"title":"Home - Bloco Ceramico-Tijolo-Telha-Laje-SP","robots":{"index":"index","follow":"follow","max-snippet":"max-snippet:-1","max-image-preview":"max-image-preview:large","max-video-preview":"max-video-preview:-1"},"canonical":"https:\/\/www.acertar.org.br\/acertar\/","og_locale":"pt_BR","og_type":"article","og_title":"Home - Bloco Ceramico-Tijolo-Telha-Laje-SP","og_url":"https:\/\/www.acertar.org.br\/acertar\/","og_site_name":"Bloco Ceramico-Tijolo-Telha-Laje-SP","article_modified_time":"2024-05-08T18:47:14+00:00","twitter_misc":{"Est. tempo de leitura":"1 minuto"},"schema":{"@context":"https:\/\/schema.org","@graph":[{"@type":"WebPage","@id":"https:\/\/www.acertar.org.br\/acertar\/","url":"https:\/\/www.acertar.org.br\/acertar\/","name":"Home - Bloco Ceramico-Tijolo-Telha-Laje-SP","isPartOf":{"@id":"https:\/\/www.acertar.org.br\/acertar\/#website"},"datePublished":"2014-01-22T12:04:19+00:00","dateModified":"2024-05-08T18:47:14+00:00","breadcrumb":{"@id":"https:\/\/www.acertar.org.br\/acertar\/#breadcrumb"},"inLanguage":"pt-BR","potentialAction":[{"@type":"ReadAction","target":["https:\/\/www.acertar.org.br\/acertar\/"]}]},{"@type":"BreadcrumbList","@id":"https:\/\/www.acertar.org.br\/acertar\/#breadcrumb","itemListElement":[{"@type":"ListItem","position":1,"name":"In\u00edcio","item":"https:\/\/www.acertar.org.br\/acertar\/"},{"@type":"ListItem","position":2,"name":"Home"}]},{"@type":"WebSite","@id":"https:\/\/www.acertar.org.br\/acertar\/#website","url":"https:\/\/www.acertar.org.br\/acertar\/","name":"Bloco Ceramico-Tijolo-Telha-Laje-SP","description":"Associa\u00e7\u00e3o das Cer\u00e2micas de Tatu\u00ed e Regi\u00e3o","potentialAction":[{"@type":"SearchAction","target":{"@type":"EntryPoint","urlTemplate":"https:\/\/www.acertar.org.br\/acertar\/?s={search_term_string}"},"query-input":"required name=search_term_string"}],"inLanguage":"pt-BR"}]}},"_links":{"self":[{"href":"https:\/\/www.acertar.org.br\/acertar\/wp-json\/wp\/v2\/pages\/4508"}],"collection":[{"href":"https:\/\/www.acertar.org.br\/acertar\/wp-json\/wp\/v2\/pages"}],"about":[{"href":"https:\/\/www.acertar.org.br\/acertar\/wp-json\/wp\/v2\/types\/page"}],"author":[{"embeddable":true,"href":"https:\/\/www.acertar.org.br\/acertar\/wp-json\/wp\/v2\/users\/1"}],"replies":[{"embeddable":true,"href":"https:\/\/www.acertar.org.br\/acertar\/wp-json\/wp\/v2\/comments?post=4508"}],"version-history":[{"count":55,"href":"https:\/\/www.acertar.org.br\/acertar\/wp-json\/wp\/v2\/pages\/4508\/revisions"}],"predecessor-version":[{"id":5477,"href":"https:\/\/www.acertar.org.br\/acertar\/wp-json\/wp\/v2\/pages\/4508\/revisions\/5477"}],"wp:attachment":[{"href":"https:\/\/www.acertar.org.br\/acertar\/wp-json\/wp\/v2\/media?parent=4508"}],"curies":[{"name":"wp","href":"https:\/\/api.w.org\/{rel}","templated":true}]}}