{"id":7,"date":"2015-01-27T11:55:40","date_gmt":"2015-01-27T11:55:40","guid":{"rendered":"http:\/\/www.acertar.org.br\/acertar\/?page_id=7"},"modified":"2024-05-08T17:36:52","modified_gmt":"2024-05-08T17:36:52","slug":"historico","status":"publish","type":"page","link":"https:\/\/www.acertar.org.br\/acertar\/sobre-a-acertar\/historico\/","title":{"rendered":"Hist\u00f3rico"},"content":{"rendered":"<p><img decoding=\"async\" class=\"alignleft\" src=\"http:\/\/www.acertar.org.br\/wp-content\/uploads\/2019\/04\/FACHADA_2015_450px12.jpg\" \/><\/p>\n<p>&nbsp;<\/p>\n<p>&nbsp;<\/p>\n<p>&nbsp;<\/p>\n<p>&nbsp;<\/p>\n<p>&nbsp;<\/p>\n<p>&nbsp;<\/p>\n<p>&nbsp;<\/p>\n<p>Fundada em 05 de abril de 1988, com o nome de Associa\u00e7\u00e3o dos Dirigentes das Cer\u00e2micas Vermelhas de Tatu\u00ed e Regi\u00e3o, teve como presidente fundador o empres\u00e1rio Jo\u00e3o Antonio Sgorlon.<\/p>\n<p>Fizeram parte da funda\u00e7\u00e3o<\/p>\n<p>Adip Salom\u00e3o, Cer\u00e2mica Santa Terezinha;<br \/>\nAfredo Jcomin, Industria Cer\u00e2mica Barra Plan;<br \/>\nAm\u00e9rico Mituo Endo, Cer\u00e2mica Santa Luiza;<br \/>\nAntonio Carlos Gallo, Cer\u00e2mica Tatu\u00ed;<br \/>\nArnaldo Gomes de Souza, Cer\u00e2mica Souzatex;<br \/>\nBenedito Jorge Rodrigues &#8211; Cer\u00e2mica Fragnani;<br \/>\nCarlos Choquete Filho, Cer\u00e2mica Amalfi e Choquete;<br \/>\nCl\u00e1udio Armando de Queiroz Bondiolli, Cer\u00e2mica Bom Jesus de Pirapora;<br \/>\nConstantino Frollini Neto, Cer\u00e2mica Ces\u00e1rio Lange e Ind. Cer\u00e2mica Frollini;<br \/>\nErmelino de Oliveira, Cer\u00e2mica 6;<br \/>\nErnesto Aparecido Alarcon, Alarcon Minera\u00e7\u00e3o Ind\u00fastria e Com\u00e9rcio;<br \/>\nF\u00e1bio Amaral Campo, Cerinco S\/A Industria e Com\u00e9rcio;<br \/>\nFrancisco Scudeler, Cer\u00e2mica Antonio e Francisco Scudeler;<br \/>\nJo\u00e3o Antonio Sgorlon, Cer\u00e2mica Sgorlon;<br \/>\nJo\u00e3o In\u00e1cio Morais Fonseca, Cer\u00e2mica Tatuzinho;<br \/>\nJos\u00e9 Carlos Soares Salto, Cer\u00e2mica Jo\u00e3o Salto;<br \/>\nJos\u00e9 Orestes Corradi, Cer\u00e2mica Laranjal Paulista;<br \/>\nLuiz Reinaldo D\u2019Abronzo e Vargas, Cer\u00e2mica Irapu\u00e1;<br \/>\nLupercio de Almeida, Cer\u00e2mica Tr\u00eas Irm\u00e3os;<br \/>\nMarcelo Grandino, Irm\u00e3os Grandino;<br \/>\nM\u00e1rio Laurenti Cer\u00e2mica Irm\u00e3os Laurenti;<br \/>\nMateus Lorena Sim\u00f5es, Cer\u00e2mica Santi e Sim\u00f5es;<br \/>\nMinoro D\u00f3i, Cer\u00e2mica Real;<br \/>\nOsvaldo Fragnani, Cer\u00e2mica S\u00e3o Francisco;<br \/>\nPedro Santi, Cer\u00e2mica Santi e Casarine;<br \/>\nRoberto Constantino de Mainardi Corradi, Granlajes Cer\u00e2mica;<br \/>\nValdomiro Antonio Candiani, Ind\u00fastria Cer\u00e2mica Colina;<br \/>\nTadeu Eduardo Toledo, Terra Forte Cer\u00e2mica;<br \/>\nWaldomiro Fragnani, Cer\u00e2mica S\u00e3o Jos\u00e9.<\/p>\n<p>A primeira altera\u00e7\u00e3o estatut\u00e1ria ocorreu em junho de 2001, desta forma, passou a denominar-se ACERTAR \u2013 Associa\u00e7\u00e3o das Cer\u00e2micas de Tatu\u00ed e Regi\u00e3o, tendo como presidente o empres\u00e1rio Constantino Frollini Neto.<\/p>\n","protected":false},"excerpt":{"rendered":"<p>&nbsp; &nbsp; &nbsp; &nbsp; &nbsp; &nbsp; &nbsp; Fundada em 05 de abril de 1988, com o nome de Associa\u00e7\u00e3o dos Dirigentes das Cer\u00e2micas Vermelhas de Tatu\u00ed e Regi\u00e3o, teve como&#8230;<\/p>\n","protected":false},"author":1,"featured_media":0,"parent":4,"menu_order":0,"comment_status":"open","ping_status":"open","template":"","meta":{"footnotes":""},"yoast_head":"<!-- This site is optimized with the Yoast SEO plugin v22.8 - https:\/\/yoast.com\/wordpress\/plugins\/seo\/ -->\n<title>Hist\u00f3rico - Bloco Ceramico-Tijolo-Telha-Laje-SP<\/title>\n<meta name=\"robots\" content=\"index, follow, max-snippet:-1, max-image-preview:large, max-video-preview:-1\" \/>\n<link rel=\"canonical\" href=\"https:\/\/www.acertar.org.br\/acertar\/sobre-a-acertar\/historico\/\" \/>\n<meta property=\"og:locale\" content=\"pt_BR\" \/>\n<meta property=\"og:type\" content=\"article\" \/>\n<meta property=\"og:title\" content=\"Hist\u00f3rico - Bloco Ceramico-Tijolo-Telha-Laje-SP\" \/>\n<meta property=\"og:description\" content=\"&nbsp; &nbsp; &nbsp; &nbsp; &nbsp; &nbsp; &nbsp; Fundada em 05 de abril de 1988, com o nome de Associa\u00e7\u00e3o dos Dirigentes das Cer\u00e2micas Vermelhas de Tatu\u00ed e Regi\u00e3o, teve como...\" \/>\n<meta property=\"og:url\" content=\"https:\/\/www.acertar.org.br\/acertar\/sobre-a-acertar\/historico\/\" \/>\n<meta property=\"og:site_name\" content=\"Bloco Ceramico-Tijolo-Telha-Laje-SP\" \/>\n<meta property=\"article:modified_time\" content=\"2024-05-08T17:36:52+00:00\" \/>\n<meta property=\"og:image\" content=\"http:\/\/www.acertar.org.br\/wp-content\/uploads\/2019\/04\/FACHADA_2015_450px12.jpg\" \/>\n<meta name=\"twitter:label1\" content=\"Est. tempo de leitura\" \/>\n\t<meta name=\"twitter:data1\" content=\"2 minutos\" \/>\n<script type=\"application\/ld+json\" class=\"yoast-schema-graph\">{\"@context\":\"https:\/\/schema.org\",\"@graph\":[{\"@type\":\"WebPage\",\"@id\":\"https:\/\/www.acertar.org.br\/acertar\/sobre-a-acertar\/historico\/\",\"url\":\"https:\/\/www.acertar.org.br\/acertar\/sobre-a-acertar\/historico\/\",\"name\":\"Hist\u00f3rico - Bloco Ceramico-Tijolo-Telha-Laje-SP\",\"isPartOf\":{\"@id\":\"https:\/\/www.acertar.org.br\/acertar\/#website\"},\"primaryImageOfPage\":{\"@id\":\"https:\/\/www.acertar.org.br\/acertar\/sobre-a-acertar\/historico\/#primaryimage\"},\"image\":{\"@id\":\"https:\/\/www.acertar.org.br\/acertar\/sobre-a-acertar\/historico\/#primaryimage\"},\"thumbnailUrl\":\"http:\/\/www.acertar.org.br\/wp-content\/uploads\/2019\/04\/FACHADA_2015_450px12.jpg\",\"datePublished\":\"2015-01-27T11:55:40+00:00\",\"dateModified\":\"2024-05-08T17:36:52+00:00\",\"breadcrumb\":{\"@id\":\"https:\/\/www.acertar.org.br\/acertar\/sobre-a-acertar\/historico\/#breadcrumb\"},\"inLanguage\":\"pt-BR\",\"potentialAction\":[{\"@type\":\"ReadAction\",\"target\":[\"https:\/\/www.acertar.org.br\/acertar\/sobre-a-acertar\/historico\/\"]}]},{\"@type\":\"ImageObject\",\"inLanguage\":\"pt-BR\",\"@id\":\"https:\/\/www.acertar.org.br\/acertar\/sobre-a-acertar\/historico\/#primaryimage\",\"url\":\"http:\/\/www.acertar.org.br\/wp-content\/uploads\/2019\/04\/FACHADA_2015_450px12.jpg\",\"contentUrl\":\"http:\/\/www.acertar.org.br\/wp-content\/uploads\/2019\/04\/FACHADA_2015_450px12.jpg\"},{\"@type\":\"BreadcrumbList\",\"@id\":\"https:\/\/www.acertar.org.br\/acertar\/sobre-a-acertar\/historico\/#breadcrumb\",\"itemListElement\":[{\"@type\":\"ListItem\",\"position\":1,\"name\":\"In\u00edcio\",\"item\":\"https:\/\/www.acertar.org.br\/acertar\/\"},{\"@type\":\"ListItem\",\"position\":2,\"name\":\"Sobre a Acertar\",\"item\":\"https:\/\/www.acertar.org.br\/acertar\/sobre-a-acertar\/\"},{\"@type\":\"ListItem\",\"position\":3,\"name\":\"Hist\u00f3rico\"}]},{\"@type\":\"WebSite\",\"@id\":\"https:\/\/www.acertar.org.br\/acertar\/#website\",\"url\":\"https:\/\/www.acertar.org.br\/acertar\/\",\"name\":\"Bloco Ceramico-Tijolo-Telha-Laje-SP\",\"description\":\"Associa\u00e7\u00e3o das Cer\u00e2micas de Tatu\u00ed e Regi\u00e3o\",\"potentialAction\":[{\"@type\":\"SearchAction\",\"target\":{\"@type\":\"EntryPoint\",\"urlTemplate\":\"https:\/\/www.acertar.org.br\/acertar\/?s={search_term_string}\"},\"query-input\":\"required name=search_term_string\"}],\"inLanguage\":\"pt-BR\"}]}<\/script>\n<!-- \/ Yoast SEO plugin. -->","yoast_head_json":{"title":"Hist\u00f3rico - Bloco Ceramico-Tijolo-Telha-Laje-SP","robots":{"index":"index","follow":"follow","max-snippet":"max-snippet:-1","max-image-preview":"max-image-preview:large","max-video-preview":"max-video-preview:-1"},"canonical":"https:\/\/www.acertar.org.br\/acertar\/sobre-a-acertar\/historico\/","og_locale":"pt_BR","og_type":"article","og_title":"Hist\u00f3rico - Bloco Ceramico-Tijolo-Telha-Laje-SP","og_description":"&nbsp; &nbsp; &nbsp; &nbsp; &nbsp; &nbsp; &nbsp; Fundada em 05 de abril de 1988, com o nome de Associa\u00e7\u00e3o dos Dirigentes das Cer\u00e2micas Vermelhas de Tatu\u00ed e Regi\u00e3o, teve como...","og_url":"https:\/\/www.acertar.org.br\/acertar\/sobre-a-acertar\/historico\/","og_site_name":"Bloco Ceramico-Tijolo-Telha-Laje-SP","article_modified_time":"2024-05-08T17:36:52+00:00","og_image":[{"url":"http:\/\/www.acertar.org.br\/wp-content\/uploads\/2019\/04\/FACHADA_2015_450px12.jpg"}],"twitter_misc":{"Est. tempo de leitura":"2 minutos"},"schema":{"@context":"https:\/\/schema.org","@graph":[{"@type":"WebPage","@id":"https:\/\/www.acertar.org.br\/acertar\/sobre-a-acertar\/historico\/","url":"https:\/\/www.acertar.org.br\/acertar\/sobre-a-acertar\/historico\/","name":"Hist\u00f3rico - Bloco Ceramico-Tijolo-Telha-Laje-SP","isPartOf":{"@id":"https:\/\/www.acertar.org.br\/acertar\/#website"},"primaryImageOfPage":{"@id":"https:\/\/www.acertar.org.br\/acertar\/sobre-a-acertar\/historico\/#primaryimage"},"image":{"@id":"https:\/\/www.acertar.org.br\/acertar\/sobre-a-acertar\/historico\/#primaryimage"},"thumbnailUrl":"http:\/\/www.acertar.org.br\/wp-content\/uploads\/2019\/04\/FACHADA_2015_450px12.jpg","datePublished":"2015-01-27T11:55:40+00:00","dateModified":"2024-05-08T17:36:52+00:00","breadcrumb":{"@id":"https:\/\/www.acertar.org.br\/acertar\/sobre-a-acertar\/historico\/#breadcrumb"},"inLanguage":"pt-BR","potentialAction":[{"@type":"ReadAction","target":["https:\/\/www.acertar.org.br\/acertar\/sobre-a-acertar\/historico\/"]}]},{"@type":"ImageObject","inLanguage":"pt-BR","@id":"https:\/\/www.acertar.org.br\/acertar\/sobre-a-acertar\/historico\/#primaryimage","url":"http:\/\/www.acertar.org.br\/wp-content\/uploads\/2019\/04\/FACHADA_2015_450px12.jpg","contentUrl":"http:\/\/www.acertar.org.br\/wp-content\/uploads\/2019\/04\/FACHADA_2015_450px12.jpg"},{"@type":"BreadcrumbList","@id":"https:\/\/www.acertar.org.br\/acertar\/sobre-a-acertar\/historico\/#breadcrumb","itemListElement":[{"@type":"ListItem","position":1,"name":"In\u00edcio","item":"https:\/\/www.acertar.org.br\/acertar\/"},{"@type":"ListItem","position":2,"name":"Sobre a Acertar","item":"https:\/\/www.acertar.org.br\/acertar\/sobre-a-acertar\/"},{"@type":"ListItem","position":3,"name":"Hist\u00f3rico"}]},{"@type":"WebSite","@id":"https:\/\/www.acertar.org.br\/acertar\/#website","url":"https:\/\/www.acertar.org.br\/acertar\/","name":"Bloco Ceramico-Tijolo-Telha-Laje-SP","description":"Associa\u00e7\u00e3o das Cer\u00e2micas de Tatu\u00ed e Regi\u00e3o","potentialAction":[{"@type":"SearchAction","target":{"@type":"EntryPoint","urlTemplate":"https:\/\/www.acertar.org.br\/acertar\/?s={search_term_string}"},"query-input":"required name=search_term_string"}],"inLanguage":"pt-BR"}]}},"_links":{"self":[{"href":"https:\/\/www.acertar.org.br\/acertar\/wp-json\/wp\/v2\/pages\/7"}],"collection":[{"href":"https:\/\/www.acertar.org.br\/acertar\/wp-json\/wp\/v2\/pages"}],"about":[{"href":"https:\/\/www.acertar.org.br\/acertar\/wp-json\/wp\/v2\/types\/page"}],"author":[{"embeddable":true,"href":"https:\/\/www.acertar.org.br\/acertar\/wp-json\/wp\/v2\/users\/1"}],"replies":[{"embeddable":true,"href":"https:\/\/www.acertar.org.br\/acertar\/wp-json\/wp\/v2\/comments?post=7"}],"version-history":[{"count":8,"href":"https:\/\/www.acertar.org.br\/acertar\/wp-json\/wp\/v2\/pages\/7\/revisions"}],"predecessor-version":[{"id":5470,"href":"https:\/\/www.acertar.org.br\/acertar\/wp-json\/wp\/v2\/pages\/7\/revisions\/5470"}],"up":[{"embeddable":true,"href":"https:\/\/www.acertar.org.br\/acertar\/wp-json\/wp\/v2\/pages\/4"}],"wp:attachment":[{"href":"https:\/\/www.acertar.org.br\/acertar\/wp-json\/wp\/v2\/media?parent=7"}],"curies":[{"name":"wp","href":"https:\/\/api.w.org\/{rel}","templated":true}]}}